{"id":580,"date":"2024-03-18T10:48:56","date_gmt":"2024-03-18T09:48:56","guid":{"rendered":"https:\/\/fcmonswiller.fr\/?page_id=580"},"modified":"2025-09-26T19:56:40","modified_gmt":"2025-09-26T17:56:40","slug":"seniors-feminines","status":"publish","type":"page","link":"https:\/\/fcmonswiller.fr\/?page_id=580","title":{"rendered":"Seniors f\u00e9minines"},"content":{"rendered":"\n<p>Pour la saison 2025\/2026, voici la composition de l&rsquo;encadrement des \u00e9quipes seniors f\u00e9minines et les horaires d&rsquo;entra\u00eenement :<\/p>\n\n\n\n<p class=\"has-black-color has-pale-ocean-gradient-background has-text-color has-background has-link-color wp-elements-122676eb5004b3d1b20883a7ddf1127e\" style=\"font-size:14px\"><strong>Seniors 1 F :<\/strong><br>A\u00efna RAJAOBELISON (responsable) : T\u00e9l : 07 86 84 42 95 \/ Mail : aina.rajaobelison@gmail.com<br>Entra\u00eenement les mercredis et vendredis \u00e0 19h45<br><strong>Reprise des entra\u00eenements le mercredi 23 juillet 2025 \u00e0 19h30<\/strong><\/p>\n\n\n\n<figure class=\"wp-block-gallery has-nested-images columns-default is-cropped wp-block-gallery-1 is-layout-flex wp-block-gallery-is-layout-flex\">\n<figure class=\"wp-block-image size-large\"><a href=\"https:\/\/fcmonswiller.fr\/wp-content\/uploads\/2025\/09\/2526_seniors_F.jpg\" target=\"_blank\" rel=\" noreferrer noopener\"><img loading=\"lazy\" decoding=\"async\" width=\"1024\" height=\"605\" data-id=\"1184\" src=\"https:\/\/fcmonswiller.fr\/wp-content\/uploads\/2025\/09\/2526_seniors_F-1024x605.jpg\" alt=\"\" class=\"wp-image-1184\" srcset=\"https:\/\/fcmonswiller.fr\/wp-content\/uploads\/2025\/09\/2526_seniors_F-1024x605.jpg 1024w, https:\/\/fcmonswiller.fr\/wp-content\/uploads\/2025\/09\/2526_seniors_F-300x177.jpg 300w, https:\/\/fcmonswiller.fr\/wp-content\/uploads\/2025\/09\/2526_seniors_F-768x454.jpg 768w, https:\/\/fcmonswiller.fr\/wp-content\/uploads\/2025\/09\/2526_seniors_F.jpg 1382w\" sizes=\"auto, (max-width: 1024px) 100vw, 1024px\" \/><\/a><figcaption class=\"wp-element-caption\">F\u00e9minines R2F &#8211; Saison 2025\/2026<\/figcaption><\/figure>\n<\/figure>\n\n\n\n<p><br><br><br><br><br><br>Pour la saison 2024\/2025, voici la composition de l&rsquo;encadrement des \u00e9quipes seniors f\u00e9minines et les horaires d&rsquo;entra\u00eenement :<\/p>\n\n\n\n<p class=\"has-black-color has-pale-ocean-gradient-background has-text-color has-background has-link-color wp-elements-a9ab7667d6435ad5dfab29c4ffc08af7\" style=\"font-size:14px\"><strong>Seniors 1 F :<\/strong><br>A\u00efna RAJAOBELISON (responsable) : T\u00e9l : 07 86 84 42 95 \/ Mail : aina.rajaobelison@gmail.com<br>Entra\u00eenement les mercredis et vendredi \u00e0 19h45<br><strong>Reprise des entra\u00eenements le lundi 22 juillet \u00e0 19h30<\/strong><\/p>\n\n\n\n<p><\/p>\n\n\n\n<figure class=\"wp-block-gallery has-nested-images columns-default is-cropped wp-block-gallery-2 is-layout-flex wp-block-gallery-is-layout-flex\">\n<figure class=\"wp-block-image size-large\"><img loading=\"lazy\" decoding=\"async\" width=\"1024\" height=\"683\" data-id=\"783\" src=\"https:\/\/fcmonswiller.fr\/wp-content\/uploads\/2024\/07\/equipe_feminines_R2F-1024x683.jpg\" alt=\"\" class=\"wp-image-783\" srcset=\"https:\/\/fcmonswiller.fr\/wp-content\/uploads\/2024\/07\/equipe_feminines_R2F-1024x683.jpg 1024w, https:\/\/fcmonswiller.fr\/wp-content\/uploads\/2024\/07\/equipe_feminines_R2F-300x200.jpg 300w, https:\/\/fcmonswiller.fr\/wp-content\/uploads\/2024\/07\/equipe_feminines_R2F-768x512.jpg 768w, https:\/\/fcmonswiller.fr\/wp-content\/uploads\/2024\/07\/equipe_feminines_R2F.jpg 1200w\" sizes=\"auto, (max-width: 1024px) 100vw, 1024px\" \/><figcaption class=\"wp-element-caption\">F\u00e9minines R2F &#8211; Saison 2023\/2024<\/figcaption><\/figure>\n\n\n\n<figure class=\"wp-block-image size-large\"><a href=\"https:\/\/fcmonswiller.fr\/wp-content\/uploads\/2024\/10\/Seniors-F.jpg\"><img loading=\"lazy\" decoding=\"async\" width=\"1024\" height=\"552\" data-id=\"898\" src=\"https:\/\/fcmonswiller.fr\/wp-content\/uploads\/2024\/10\/Seniors-F-1024x552.jpg\" alt=\"\" class=\"wp-image-898\" srcset=\"https:\/\/fcmonswiller.fr\/wp-content\/uploads\/2024\/10\/Seniors-F-1024x552.jpg 1024w, https:\/\/fcmonswiller.fr\/wp-content\/uploads\/2024\/10\/Seniors-F-300x162.jpg 300w, https:\/\/fcmonswiller.fr\/wp-content\/uploads\/2024\/10\/Seniors-F-768x414.jpg 768w, https:\/\/fcmonswiller.fr\/wp-content\/uploads\/2024\/10\/Seniors-F-1536x827.jpg 1536w, https:\/\/fcmonswiller.fr\/wp-content\/uploads\/2024\/10\/Seniors-F.jpg 2048w\" sizes=\"auto, (max-width: 1024px) 100vw, 1024px\" \/><\/a><figcaption class=\"wp-element-caption\">F\u00e9minines R2F &#8211; Saison 2024\/2025<\/figcaption><\/figure>\n<\/figure>\n\n\n\n<p><\/p>\n","protected":false},"excerpt":{"rendered":"<p>Pour la saison 2025\/2026, voici la composition de l&rsquo;encadrement des \u00e9quipes seniors f\u00e9minines et les horaires d&rsquo;entra\u00eenement : Seniors 1 F :A\u00efna RAJAOBELISON (responsable) : T\u00e9l : 07 86 84 42 95 \/ Mail : aina.rajaobelison@gmail.comEntra\u00eenement les mercredis et vendredis \u00e0 19h45Reprise des entra\u00eenements le mercredi 23 juillet 2025 \u00e0 19h30 Pour la saison 2024\/2025, [&hellip;]<\/p>\n","protected":false},"author":1,"featured_media":0,"parent":0,"menu_order":0,"comment_status":"closed","ping_status":"closed","template":"","meta":{"site-sidebar-layout":"default","site-content-layout":"","ast-site-content-layout":"","site-content-style":"default","site-sidebar-style":"default","ast-global-header-display":"","ast-banner-title-visibility":"","ast-main-header-display":"","ast-hfb-above-header-display":"","ast-hfb-below-header-display":"","ast-hfb-mobile-header-display":"","site-post-title":"","ast-breadcrumbs-content":"","ast-featured-img":"","footer-sml-layout":"","theme-transparent-header-meta":"","adv-header-id-meta":"","stick-header-meta":"","header-above-stick-meta":"","header-main-stick-meta":"","header-below-stick-meta":"","astra-migrate-meta-layouts":"default","ast-page-background-enabled":"default","ast-page-background-meta":{"desktop":{"background-color":"var(--ast-global-color-4)","background-image":"","background-repeat":"repeat","background-position":"center center","background-size":"auto","background-attachment":"scroll","background-type":"","background-media":"","overlay-type":"","overlay-color":"","overlay-opacity":"","overlay-gradient":""},"tablet":{"background-color":"","background-image":"","background-repeat":"repeat","background-position":"center center","background-size":"auto","background-attachment":"scroll","background-type":"","background-media":"","overlay-type":"","overlay-color":"","overlay-opacity":"","overlay-gradient":""},"mobile":{"background-color":"","background-image":"","background-repeat":"repeat","background-position":"center center","background-size":"auto","background-attachment":"scroll","background-type":"","background-media":"","overlay-type":"","overlay-color":"","overlay-opacity":"","overlay-gradient":""}},"ast-content-background-meta":{"desktop":{"background-color":"var(--ast-global-color-5)","background-image":"","background-repeat":"repeat","background-position":"center center","background-size":"auto","background-attachment":"scroll","background-type":"","background-media":"","overlay-type":"","overlay-color":"","overlay-opacity":"","overlay-gradient":""},"tablet":{"background-color":"var(--ast-global-color-5)","background-image":"","background-repeat":"repeat","background-position":"center center","background-size":"auto","background-attachment":"scroll","background-type":"","background-media":"","overlay-type":"","overlay-color":"","overlay-opacity":"","overlay-gradient":""},"mobile":{"background-color":"var(--ast-global-color-5)","background-image":"","background-repeat":"repeat","background-position":"center center","background-size":"auto","background-attachment":"scroll","background-type":"","background-media":"","overlay-type":"","overlay-color":"","overlay-opacity":"","overlay-gradient":""}},"footnotes":""},"class_list":["post-580","page","type-page","status-publish","hentry"],"_links":{"self":[{"href":"https:\/\/fcmonswiller.fr\/index.php?rest_route=\/wp\/v2\/pages\/580","targetHints":{"allow":["GET"]}}],"collection":[{"href":"https:\/\/fcmonswiller.fr\/index.php?rest_route=\/wp\/v2\/pages"}],"about":[{"href":"https:\/\/fcmonswiller.fr\/index.php?rest_route=\/wp\/v2\/types\/page"}],"author":[{"embeddable":true,"href":"https:\/\/fcmonswiller.fr\/index.php?rest_route=\/wp\/v2\/users\/1"}],"replies":[{"embeddable":true,"href":"https:\/\/fcmonswiller.fr\/index.php?rest_route=%2Fwp%2Fv2%2Fcomments&post=580"}],"version-history":[{"count":14,"href":"https:\/\/fcmonswiller.fr\/index.php?rest_route=\/wp\/v2\/pages\/580\/revisions"}],"predecessor-version":[{"id":1242,"href":"https:\/\/fcmonswiller.fr\/index.php?rest_route=\/wp\/v2\/pages\/580\/revisions\/1242"}],"wp:attachment":[{"href":"https:\/\/fcmonswiller.fr\/index.php?rest_route=%2Fwp%2Fv2%2Fmedia&parent=580"}],"curies":[{"name":"wp","href":"https:\/\/api.w.org\/{rel}","templated":true}]}}